{"id":2683,"date":"2014-09-25T14:05:45","date_gmt":"2014-09-25T18:05:45","guid":{"rendered":"https:\/\/isabelleradford.com\/?post_type=avada_portfolio&#038;p=2683"},"modified":"2015-09-24T19:14:19","modified_gmt":"2015-09-24T23:14:19","slug":"robyn-glenn-toronto-on-un-mariage-intime-celebre-a-quebec-le-dimanche-22-juin-2014","status":"publish","type":"avada_portfolio","link":"https:\/\/isabelleradford.com\/fr\/portfolio-items\/robyn-glenn-toronto-on-un-mariage-intime-celebre-a-quebec-le-dimanche-22-juin-2014\/","title":{"rendered":"Robyn &#038; Glenn , Toronto, ON- Un mariage intime c\u00e9l\u00e9br\u00e9 \u00e0 Qu\u00e9bec le 22 juin 2014"},"content":{"rendered":"<p>&nbsp;&raquo; Tout a \u00e9t\u00e9 plus beau que je ne l&rsquo;imaginais. Nous devons remercier\u00a0Isabelle et son \u00e9quipe de nous avoir orchestr\u00e9 un mariage parfait, avec pr\u00e9cision et gr\u00e2ce.<\/p>\n<p>Lorsque nous avons envisag\u00e9 de voyager \u00e0 Qu\u00e9bec pour notre mariage, nous avons appel\u00e9 Isabelle en fonction des commentaires et des photos en ligne. D\u00e8s notre premi\u00e8re conversation, nous nous sommes sentis rassur\u00e9s qu&rsquo;Isabelle allait pouvoir nous guider dans le processus de planification de mariage professionnellement et avec facilit\u00e9.<\/p>\n<p>Fid\u00e8les \u00e0 notre premi\u00e8re impression, nous avons travaill\u00e9 avec Isabelle via t\u00e9l\u00e9phone et courriel afin de r\u00e9gler\u00a0tous les d\u00e9tails. Nos demandes sp\u00e9ciales ont \u00e9t\u00e9 consid\u00e9r\u00e9es de fa\u00e7on respectueuse, y compris une c\u00e9r\u00e9monie mixte\u00a0au niveau familiale, l&rsquo;accessibilit\u00e9 physique pour nos parents, les allergies alimentaires et \u00e0 la derni\u00e8re minute, des bijoux personnalis\u00e9s (\u00e0 ma grande surprise!).<\/p>\n<p>Isabelle a coordonn\u00e9 le tout telle une professionnelle exceptionnelle, avec notre aide, afin d&rsquo;avoir une c\u00e9r\u00e9monie personnalis\u00e9e pour nous et nos enfants, des musiciens de formation classique qui ont appris chaque morceaux juste pour nous, un photographe prim\u00e9 de notre choix, la coiffure ex\u00e9cut\u00e9e par un professionnelle directement dans notre salle de maquillage, des arrangements floraux \u00e0 couper le souffle, des restaurants incroyables et l&rsquo;hospitalit\u00e9 de l&rsquo;h\u00f4tel\u00a0avec vraiment le meilleur service que nous aurions pu imaginer, un g\u00e2teau de mariage incroyable dont nous parlons toujours et des promenades en cal\u00e8che autour de la vieille ville.<\/p>\n<p>L&rsquo;exp\u00e9rience a compl\u00e8tement d\u00e9pass\u00e9 nos attentes\u00a0et tout cela gr\u00e2ce \u00e0\u00a0la fa\u00e7on dont Isabelle l&rsquo;a orchestr\u00e9. Elle \u00e9tait professionnelle, tout en \u00e9tant accessible, chaleureuse avec le soucis de tout mettre en place correctement, mais en restant discr\u00e8te pour nous permettre d&rsquo;appr\u00e9cier notre journ\u00e9e.<\/p>\n<p>Elle nous a offert avec une vision de notre mariage beaucoup plus belle que ce que nous aurions pu cr\u00e9er nous-m\u00eames. Elle a pris soin de tout prendre en charge\u00a0pour que nous puissions nous concentrer \u00e0 nous\u00a0marier et passer du temps pr\u00e9cieux avec notre famille.<\/p>\n<p>Isabelle, les mots ne peuvent exprimer combien nous sommes reconnaissants envers vous et votre \u00e9quipe. Je voudrais vous recommander \u00e0 tous ceux qui recherchent une exp\u00e9rience magique qui allie la beaut\u00e9 de la ville et les meilleurs services locaux, surtout pour les personnes qui souhaitent faire une escapade romantique \u00e0 Qu\u00e9bec pour leur mariage.<\/p>\n<p>Merci beaucoup<\/p>\n<p>Robyn et Glenn&nbsp;&raquo;<\/p>\n","protected":false},"excerpt":{"rendered":"<p>&nbsp;&raquo; Tout a \u00e9t\u00e9 plus beau que je ne l&rsquo;imaginais.  [&#8230;]<\/p>\n","protected":false},"author":2,"featured_media":2712,"menu_order":0,"comment_status":"closed","ping_status":"closed","template":"","format":"standard","meta":{"footnotes":""},"portfolio_category":[20],"portfolio_skills":[],"portfolio_tags":[],"class_list":["post-2683","avada_portfolio","type-avada_portfolio","status-publish","format-standard","has-post-thumbnail","hentry","portfolio_category-temoignages"],"aioseo_notices":[],"_links":{"self":[{"href":"https:\/\/isabelleradford.com\/fr\/wp-json\/wp\/v2\/avada_portfolio\/2683","targetHints":{"allow":["GET"]}}],"collection":[{"href":"https:\/\/isabelleradford.com\/fr\/wp-json\/wp\/v2\/avada_portfolio"}],"about":[{"href":"https:\/\/isabelleradford.com\/fr\/wp-json\/wp\/v2\/types\/avada_portfolio"}],"author":[{"embeddable":true,"href":"https:\/\/isabelleradford.com\/fr\/wp-json\/wp\/v2\/users\/2"}],"replies":[{"embeddable":true,"href":"https:\/\/isabelleradford.com\/fr\/wp-json\/wp\/v2\/comments?post=2683"}],"version-history":[{"count":6,"href":"https:\/\/isabelleradford.com\/fr\/wp-json\/wp\/v2\/avada_portfolio\/2683\/revisions"}],"predecessor-version":[{"id":5207,"href":"https:\/\/isabelleradford.com\/fr\/wp-json\/wp\/v2\/avada_portfolio\/2683\/revisions\/5207"}],"wp:featuredmedia":[{"embeddable":true,"href":"https:\/\/isabelleradford.com\/fr\/wp-json\/wp\/v2\/media\/2712"}],"wp:attachment":[{"href":"https:\/\/isabelleradford.com\/fr\/wp-json\/wp\/v2\/media?parent=2683"}],"wp:term":[{"taxonomy":"portfolio_category","embeddable":true,"href":"https:\/\/isabelleradford.com\/fr\/wp-json\/wp\/v2\/portfolio_category?post=2683"},{"taxonomy":"portfolio_skills","embeddable":true,"href":"https:\/\/isabelleradford.com\/fr\/wp-json\/wp\/v2\/portfolio_skills?post=2683"},{"taxonomy":"portfolio_tags","embeddable":true,"href":"https:\/\/isabelleradford.com\/fr\/wp-json\/wp\/v2\/portfolio_tags?post=2683"}],"curies":[{"name":"wp","href":"https:\/\/api.w.org\/{rel}","templated":true}]}}