{"id":2658,"date":"2013-08-18T17:12:08","date_gmt":"2013-08-18T21:12:08","guid":{"rendered":"https:\/\/isabelleradford.com\/portfolio-items\/kelly-adam-toronto-quebec-city-elopement-on-august-13-2013-2\/"},"modified":"2015-09-25T08:40:50","modified_gmt":"2015-09-25T12:40:50","slug":"kelly-adam-toronto-quebec-city-elopement-on-august-13-2013","status":"publish","type":"avada_portfolio","link":"https:\/\/isabelleradford.com\/fr\/portfolio-items\/kelly-adam-toronto-quebec-city-elopement-on-august-13-2013\/","title":{"rendered":"Kelly &#038; Adam, Toronto &#8211; Un mariage intime c\u00e9l\u00e9br\u00e9 le mardi 13 ao\u00fbt, 2013"},"content":{"rendered":"<p>\u00abIsabelle,<\/p>\n<p>Je ne peux m\u00eame pas exprimer \u00e0 quel point nous sommes incroyablement reconnaissants de vous avoir trouv\u00e9, pour nous aider avec l&rsquo;un des plus grands jours de nos vies! Vous \u00e9tiez si patiente avec moi et vous avez fait mon r\u00eave\u00a0une\u00a0r\u00e9alit\u00e9, vraiment! Je serai \u00e9ternellement reconnaissante pour tout ce que vous avez fait pour nous!<\/p>\n<p>Merci! Merci! Merci!<\/p>\n<p>Kelly et Adam&nbsp;&raquo;<\/p>\n","protected":false},"excerpt":{"rendered":"<p>\u00abIsabelle, Je ne peux m\u00eame pas exprimer \u00e0 quel point  [&#8230;]<\/p>\n","protected":false},"author":2,"featured_media":1685,"menu_order":0,"comment_status":"open","ping_status":"closed","template":"","format":"standard","meta":{"footnotes":""},"portfolio_category":[20],"portfolio_skills":[],"portfolio_tags":[],"class_list":["post-2658","avada_portfolio","type-avada_portfolio","status-publish","format-standard","has-post-thumbnail","hentry","portfolio_category-temoignages"],"aioseo_notices":[],"_links":{"self":[{"href":"https:\/\/isabelleradford.com\/fr\/wp-json\/wp\/v2\/avada_portfolio\/2658","targetHints":{"allow":["GET"]}}],"collection":[{"href":"https:\/\/isabelleradford.com\/fr\/wp-json\/wp\/v2\/avada_portfolio"}],"about":[{"href":"https:\/\/isabelleradford.com\/fr\/wp-json\/wp\/v2\/types\/avada_portfolio"}],"author":[{"embeddable":true,"href":"https:\/\/isabelleradford.com\/fr\/wp-json\/wp\/v2\/users\/2"}],"replies":[{"embeddable":true,"href":"https:\/\/isabelleradford.com\/fr\/wp-json\/wp\/v2\/comments?post=2658"}],"version-history":[{"count":4,"href":"https:\/\/isabelleradford.com\/fr\/wp-json\/wp\/v2\/avada_portfolio\/2658\/revisions"}],"predecessor-version":[{"id":5228,"href":"https:\/\/isabelleradford.com\/fr\/wp-json\/wp\/v2\/avada_portfolio\/2658\/revisions\/5228"}],"wp:featuredmedia":[{"embeddable":true,"href":"https:\/\/isabelleradford.com\/fr\/wp-json\/wp\/v2\/media\/1685"}],"wp:attachment":[{"href":"https:\/\/isabelleradford.com\/fr\/wp-json\/wp\/v2\/media?parent=2658"}],"wp:term":[{"taxonomy":"portfolio_category","embeddable":true,"href":"https:\/\/isabelleradford.com\/fr\/wp-json\/wp\/v2\/portfolio_category?post=2658"},{"taxonomy":"portfolio_skills","embeddable":true,"href":"https:\/\/isabelleradford.com\/fr\/wp-json\/wp\/v2\/portfolio_skills?post=2658"},{"taxonomy":"portfolio_tags","embeddable":true,"href":"https:\/\/isabelleradford.com\/fr\/wp-json\/wp\/v2\/portfolio_tags?post=2658"}],"curies":[{"name":"wp","href":"https:\/\/api.w.org\/{rel}","templated":true}]}}