{"id":2654,"date":"2013-07-24T09:24:35","date_gmt":"2013-07-24T13:24:35","guid":{"rendered":"https:\/\/isabelleradford.com\/portfolio-items\/aline-francois-abu-dabi-quebec-city-elopement-june-21st-2013-2\/"},"modified":"2015-09-25T09:36:21","modified_gmt":"2015-09-25T13:36:21","slug":"aline-francois-abu-dabi-quebec-city-elopement-june-21st-2013","status":"publish","type":"avada_portfolio","link":"https:\/\/isabelleradford.com\/fr\/portfolio-items\/aline-francois-abu-dabi-quebec-city-elopement-june-21st-2013\/","title":{"rendered":"Aline &#038; Fran\u00e7ois, Abu Dhabi &#8211; Un mariage intime c\u00e9l\u00e9br\u00e9 le vendredi 21 juin, 2013"},"content":{"rendered":"<p>&nbsp;&raquo; Merci Isabelle!<\/p>\n<p>Tout \u00e9tait tr\u00e8s bien organis\u00e9 et nous avons ador\u00e9 notre journ\u00e9e de mariage. Pour nous, en \u00e9tant si loin, vous nous avez permis de passer des moments pr\u00e9cieux, sans se soucier de quoi que ce soit! Le jardin, l&rsquo;h\u00f4tel, la c\u00e9r\u00e9monie, tout \u00e9tait absolument superbe!<\/p>\n<p>Aline et Fran\u00e7ois&nbsp;&raquo;<\/p>\n","protected":false},"excerpt":{"rendered":"<p>&nbsp;&raquo; Merci Isabelle! Tout \u00e9tait tr\u00e8s bien organis\u00e9 et nous  [&#8230;]<\/p>\n","protected":false},"author":2,"featured_media":1617,"menu_order":0,"comment_status":"open","ping_status":"closed","template":"","format":"standard","meta":{"footnotes":""},"portfolio_category":[20],"portfolio_skills":[],"portfolio_tags":[],"class_list":["post-2654","avada_portfolio","type-avada_portfolio","status-publish","format-standard","has-post-thumbnail","hentry","portfolio_category-temoignages"],"aioseo_notices":[],"_links":{"self":[{"href":"https:\/\/isabelleradford.com\/fr\/wp-json\/wp\/v2\/avada_portfolio\/2654","targetHints":{"allow":["GET"]}}],"collection":[{"href":"https:\/\/isabelleradford.com\/fr\/wp-json\/wp\/v2\/avada_portfolio"}],"about":[{"href":"https:\/\/isabelleradford.com\/fr\/wp-json\/wp\/v2\/types\/avada_portfolio"}],"author":[{"embeddable":true,"href":"https:\/\/isabelleradford.com\/fr\/wp-json\/wp\/v2\/users\/2"}],"replies":[{"embeddable":true,"href":"https:\/\/isabelleradford.com\/fr\/wp-json\/wp\/v2\/comments?post=2654"}],"version-history":[{"count":4,"href":"https:\/\/isabelleradford.com\/fr\/wp-json\/wp\/v2\/avada_portfolio\/2654\/revisions"}],"predecessor-version":[{"id":5230,"href":"https:\/\/isabelleradford.com\/fr\/wp-json\/wp\/v2\/avada_portfolio\/2654\/revisions\/5230"}],"wp:featuredmedia":[{"embeddable":true,"href":"https:\/\/isabelleradford.com\/fr\/wp-json\/wp\/v2\/media\/1617"}],"wp:attachment":[{"href":"https:\/\/isabelleradford.com\/fr\/wp-json\/wp\/v2\/media?parent=2654"}],"wp:term":[{"taxonomy":"portfolio_category","embeddable":true,"href":"https:\/\/isabelleradford.com\/fr\/wp-json\/wp\/v2\/portfolio_category?post=2654"},{"taxonomy":"portfolio_skills","embeddable":true,"href":"https:\/\/isabelleradford.com\/fr\/wp-json\/wp\/v2\/portfolio_skills?post=2654"},{"taxonomy":"portfolio_tags","embeddable":true,"href":"https:\/\/isabelleradford.com\/fr\/wp-json\/wp\/v2\/portfolio_tags?post=2654"}],"curies":[{"name":"wp","href":"https:\/\/api.w.org\/{rel}","templated":true}]}}